{"id":66,"date":"2014-07-21T15:46:56","date_gmt":"2014-07-21T20:46:56","guid":{"rendered":"http:\/\/blogs.vanguardia.com\/mariposas-al-atardecer\/?page_id=66"},"modified":"2014-07-24T13:42:05","modified_gmt":"2014-07-24T18:42:05","slug":"angelica-badillo-el-color-de-la-vida-cotidiana","status":"publish","type":"page","link":"https:\/\/blogs.vanguardia.com\/mariposas-al-atardecer\/angelica-badillo-el-color-de-la-vida-cotidiana\/","title":{"rendered":"Ang\u00e9lica Badillo: el color de la vida cotidiana"},"content":{"rendered":"\n\t\t<style type=\"text\/css\">\n\t\t\t#gallery-1 {\n\t\t\t\tmargin: auto;\n\t\t\t}\n\t\t\t#gallery-1 .gallery-item {\n\t\t\t\tfloat: left;\n\t\t\t\tmargin-top: 10px;\n\t\t\t\ttext-align: center;\n\t\t\t\twidth: 33%;\n\t\t\t}\n\t\t\t#gallery-1 img {\n\t\t\t\tborder: 2px solid #cfcfcf;\n\t\t\t}\n\t\t\t#gallery-1 .gallery-caption {\n\t\t\t\tmargin-left: 0;\n\t\t\t}\n\t\t\t\/* see gallery_shortcode() in wp-includes\/media.php *\/\n\t\t<\/style>\n\t\t<div id='gallery-1' class='gallery galleryid-66 gallery-columns-3 gallery-size-thumbnail'><dl class='gallery-item'>\n\t\t\t<dt class='gallery-icon landscape'>\n\t\t\t\t<a href='https:\/\/blogs.vanguardia.com\/mariposas-al-atardecer\/angelica-badillo-el-color-de-la-vida-cotidiana\/10559200_10152211831599599_362040226_n\/'><img loading=\"lazy\" decoding=\"async\" width=\"150\" height=\"150\" src=\"https:\/\/blogs.vanguardia.com\/mariposas-al-atardecer\/files\/2014\/07\/10559200_10152211831599599_362040226_n-150x150.jpg\" class=\"attachment-thumbnail size-thumbnail\" alt=\"\" aria-describedby=\"gallery-1-75\" srcset=\"https:\/\/blogs.vanguardia.com\/mariposas-al-atardecer\/files\/2014\/07\/10559200_10152211831599599_362040226_n-150x150.jpg 150w, https:\/\/blogs.vanguardia.com\/mariposas-al-atardecer\/files\/2014\/07\/10559200_10152211831599599_362040226_n-144x144.jpg 144w\" sizes=\"auto, (max-width: 150px) 100vw, 150px\" \/><\/a>\n\t\t\t<\/dt>\n\t\t\t\t<dd class='wp-caption-text gallery-caption' id='gallery-1-75'>\n\t\t\t\tUna de sus obras m\u00e1s recientes. \n\t\t\t\t<\/dd><\/dl><dl class='gallery-item'>\n\t\t\t<dt class='gallery-icon landscape'>\n\t\t\t\t<a href='https:\/\/blogs.vanguardia.com\/mariposas-al-atardecer\/10551850_10152211528314599_2092721244_n\/'><img loading=\"lazy\" decoding=\"async\" width=\"150\" height=\"150\" src=\"https:\/\/blogs.vanguardia.com\/mariposas-al-atardecer\/files\/2014\/07\/10551850_10152211528314599_2092721244_n-150x150.jpg\" class=\"attachment-thumbnail size-thumbnail\" alt=\"\" srcset=\"https:\/\/blogs.vanguardia.com\/mariposas-al-atardecer\/files\/2014\/07\/10551850_10152211528314599_2092721244_n-150x150.jpg 150w, https:\/\/blogs.vanguardia.com\/mariposas-al-atardecer\/files\/2014\/07\/10551850_10152211528314599_2092721244_n-144x144.jpg 144w\" sizes=\"auto, (max-width: 150px) 100vw, 150px\" \/><\/a>\n\t\t\t<\/dt><\/dl><dl class='gallery-item'>\n\t\t\t<dt class='gallery-icon portrait'>\n\t\t\t\t<a href='https:\/\/blogs.vanguardia.com\/mariposas-al-atardecer\/10568028_10152211528339599_1448135028_n\/'><img loading=\"lazy\" decoding=\"async\" width=\"150\" height=\"150\" src=\"https:\/\/blogs.vanguardia.com\/mariposas-al-atardecer\/files\/2014\/07\/10568028_10152211528339599_1448135028_n-150x150.jpg\" class=\"attachment-thumbnail size-thumbnail\" alt=\"\" srcset=\"https:\/\/blogs.vanguardia.com\/mariposas-al-atardecer\/files\/2014\/07\/10568028_10152211528339599_1448135028_n-150x150.jpg 150w, https:\/\/blogs.vanguardia.com\/mariposas-al-atardecer\/files\/2014\/07\/10568028_10152211528339599_1448135028_n-144x144.jpg 144w\" sizes=\"auto, (max-width: 150px) 100vw, 150px\" \/><\/a>\n\t\t\t<\/dt><\/dl><br style=\"clear: both\" \/><dl class='gallery-item'>\n\t\t\t<dt class='gallery-icon landscape'>\n\t\t\t\t<a href='https:\/\/blogs.vanguardia.com\/mariposas-al-atardecer\/10559052_10152211518949599_411617574_n\/'><img loading=\"lazy\" decoding=\"async\" width=\"150\" height=\"150\" src=\"https:\/\/blogs.vanguardia.com\/mariposas-al-atardecer\/files\/2014\/07\/10559052_10152211518949599_411617574_n-150x150.jpg\" class=\"attachment-thumbnail size-thumbnail\" alt=\"\" srcset=\"https:\/\/blogs.vanguardia.com\/mariposas-al-atardecer\/files\/2014\/07\/10559052_10152211518949599_411617574_n-150x150.jpg 150w, https:\/\/blogs.vanguardia.com\/mariposas-al-atardecer\/files\/2014\/07\/10559052_10152211518949599_411617574_n-144x144.jpg 144w\" sizes=\"auto, (max-width: 150px) 100vw, 150px\" \/><\/a>\n\t\t\t<\/dt><\/dl><dl class='gallery-item'>\n\t\t\t<dt class='gallery-icon portrait'>\n\t\t\t\t<a href='https:\/\/blogs.vanguardia.com\/mariposas-al-atardecer\/10528043_10152211509954599_888370509_n\/'><img loading=\"lazy\" decoding=\"async\" width=\"150\" height=\"150\" src=\"https:\/\/blogs.vanguardia.com\/mariposas-al-atardecer\/files\/2014\/07\/10528043_10152211509954599_888370509_n-150x150.jpg\" class=\"attachment-thumbnail size-thumbnail\" alt=\"\" srcset=\"https:\/\/blogs.vanguardia.com\/mariposas-al-atardecer\/files\/2014\/07\/10528043_10152211509954599_888370509_n-150x150.jpg 150w, https:\/\/blogs.vanguardia.com\/mariposas-al-atardecer\/files\/2014\/07\/10528043_10152211509954599_888370509_n-144x144.jpg 144w\" sizes=\"auto, (max-width: 150px) 100vw, 150px\" \/><\/a>\n\t\t\t<\/dt><\/dl><dl class='gallery-item'>\n\t\t\t<dt class='gallery-icon portrait'>\n\t\t\t\t<a href='https:\/\/blogs.vanguardia.com\/mariposas-al-atardecer\/10555062_10152211509889599_639871544_n\/'><img loading=\"lazy\" decoding=\"async\" width=\"150\" height=\"150\" src=\"https:\/\/blogs.vanguardia.com\/mariposas-al-atardecer\/files\/2014\/07\/10555062_10152211509889599_639871544_n-150x150.jpg\" class=\"attachment-thumbnail size-thumbnail\" alt=\"\" srcset=\"https:\/\/blogs.vanguardia.com\/mariposas-al-atardecer\/files\/2014\/07\/10555062_10152211509889599_639871544_n-150x150.jpg 150w, https:\/\/blogs.vanguardia.com\/mariposas-al-atardecer\/files\/2014\/07\/10555062_10152211509889599_639871544_n-144x144.jpg 144w\" sizes=\"auto, (max-width: 150px) 100vw, 150px\" \/><\/a>\n\t\t\t<\/dt><\/dl><br style=\"clear: both\" \/><dl class='gallery-item'>\n\t\t\t<dt class='gallery-icon portrait'>\n\t\t\t\t<a href='https:\/\/blogs.vanguardia.com\/mariposas-al-atardecer\/10564603_10152211509879599_1304465577_n\/'><img loading=\"lazy\" decoding=\"async\" width=\"150\" height=\"150\" src=\"https:\/\/blogs.vanguardia.com\/mariposas-al-atardecer\/files\/2014\/07\/10564603_10152211509879599_1304465577_n-150x150.jpg\" class=\"attachment-thumbnail size-thumbnail\" alt=\"\" srcset=\"https:\/\/blogs.vanguardia.com\/mariposas-al-atardecer\/files\/2014\/07\/10564603_10152211509879599_1304465577_n-150x150.jpg 150w, https:\/\/blogs.vanguardia.com\/mariposas-al-atardecer\/files\/2014\/07\/10564603_10152211509879599_1304465577_n-144x144.jpg 144w\" sizes=\"auto, (max-width: 150px) 100vw, 150px\" \/><\/a>\n\t\t\t<\/dt><\/dl><dl class='gallery-item'>\n\t\t\t<dt class='gallery-icon landscape'>\n\t\t\t\t<a href='https:\/\/blogs.vanguardia.com\/mariposas-al-atardecer\/10563495_10152211516799599_331023539_n\/'><img loading=\"lazy\" decoding=\"async\" width=\"150\" height=\"150\" src=\"https:\/\/blogs.vanguardia.com\/mariposas-al-atardecer\/files\/2014\/07\/10563495_10152211516799599_331023539_n-150x150.jpg\" class=\"attachment-thumbnail size-thumbnail\" alt=\"\" srcset=\"https:\/\/blogs.vanguardia.com\/mariposas-al-atardecer\/files\/2014\/07\/10563495_10152211516799599_331023539_n-150x150.jpg 150w, https:\/\/blogs.vanguardia.com\/mariposas-al-atardecer\/files\/2014\/07\/10563495_10152211516799599_331023539_n-144x144.jpg 144w\" sizes=\"auto, (max-width: 150px) 100vw, 150px\" \/><\/a>\n\t\t\t<\/dt><\/dl><dl class='gallery-item'>\n\t\t\t<dt class='gallery-icon portrait'>\n\t\t\t\t<a href='https:\/\/blogs.vanguardia.com\/mariposas-al-atardecer\/10544977_10152211505679599_1376428565_n\/'><img loading=\"lazy\" decoding=\"async\" width=\"150\" height=\"150\" src=\"https:\/\/blogs.vanguardia.com\/mariposas-al-atardecer\/files\/2014\/07\/10544977_10152211505679599_1376428565_n-150x150.jpg\" class=\"attachment-thumbnail size-thumbnail\" alt=\"\" srcset=\"https:\/\/blogs.vanguardia.com\/mariposas-al-atardecer\/files\/2014\/07\/10544977_10152211505679599_1376428565_n-150x150.jpg 150w, https:\/\/blogs.vanguardia.com\/mariposas-al-atardecer\/files\/2014\/07\/10544977_10152211505679599_1376428565_n-144x144.jpg 144w\" sizes=\"auto, (max-width: 150px) 100vw, 150px\" \/><\/a>\n\t\t\t<\/dt><\/dl><br style=\"clear: both\" \/><dl class='gallery-item'>\n\t\t\t<dt class='gallery-icon landscape'>\n\t\t\t\t<a href='https:\/\/blogs.vanguardia.com\/mariposas-al-atardecer\/10564933_10152211498409599_781889192_n\/'><img loading=\"lazy\" decoding=\"async\" width=\"150\" height=\"150\" src=\"https:\/\/blogs.vanguardia.com\/mariposas-al-atardecer\/files\/2014\/07\/10564933_10152211498409599_781889192_n-150x150.jpg\" class=\"attachment-thumbnail size-thumbnail\" alt=\"\" srcset=\"https:\/\/blogs.vanguardia.com\/mariposas-al-atardecer\/files\/2014\/07\/10564933_10152211498409599_781889192_n-150x150.jpg 150w, https:\/\/blogs.vanguardia.com\/mariposas-al-atardecer\/files\/2014\/07\/10564933_10152211498409599_781889192_n-144x144.jpg 144w\" sizes=\"auto, (max-width: 150px) 100vw, 150px\" \/><\/a>\n\t\t\t<\/dt><\/dl><dl class='gallery-item'>\n\t\t\t<dt class='gallery-icon landscape'>\n\t\t\t\t<a href='https:\/\/blogs.vanguardia.com\/mariposas-al-atardecer\/10559143_10152211498414599_1889745717_n\/'><img loading=\"lazy\" decoding=\"async\" width=\"150\" height=\"150\" src=\"https:\/\/blogs.vanguardia.com\/mariposas-al-atardecer\/files\/2014\/07\/10559143_10152211498414599_1889745717_n-150x150.jpg\" class=\"attachment-thumbnail size-thumbnail\" alt=\"\" srcset=\"https:\/\/blogs.vanguardia.com\/mariposas-al-atardecer\/files\/2014\/07\/10559143_10152211498414599_1889745717_n-150x150.jpg 150w, https:\/\/blogs.vanguardia.com\/mariposas-al-atardecer\/files\/2014\/07\/10559143_10152211498414599_1889745717_n-144x144.jpg 144w\" sizes=\"auto, (max-width: 150px) 100vw, 150px\" \/><\/a>\n\t\t\t<\/dt><\/dl><dl class='gallery-item'>\n\t\t\t<dt class='gallery-icon landscape'>\n\t\t\t\t<a href='https:\/\/blogs.vanguardia.com\/mariposas-al-atardecer\/10567364_10152211498319599_19485514_n\/'><img loading=\"lazy\" decoding=\"async\" width=\"150\" height=\"150\" src=\"https:\/\/blogs.vanguardia.com\/mariposas-al-atardecer\/files\/2014\/07\/10567364_10152211498319599_19485514_n-150x150.jpg\" class=\"attachment-thumbnail size-thumbnail\" alt=\"\" srcset=\"https:\/\/blogs.vanguardia.com\/mariposas-al-atardecer\/files\/2014\/07\/10567364_10152211498319599_19485514_n-150x150.jpg 150w, https:\/\/blogs.vanguardia.com\/mariposas-al-atardecer\/files\/2014\/07\/10567364_10152211498319599_19485514_n-144x144.jpg 144w\" sizes=\"auto, (max-width: 150px) 100vw, 150px\" \/><\/a>\n\t\t\t<\/dt><\/dl><br style=\"clear: both\" \/><dl class='gallery-item'>\n\t\t\t<dt class='gallery-icon landscape'>\n\t\t\t\t<a href='https:\/\/blogs.vanguardia.com\/mariposas-al-atardecer\/10572790_10152211498204599_1276421876_n\/'><img loading=\"lazy\" decoding=\"async\" width=\"150\" height=\"150\" src=\"https:\/\/blogs.vanguardia.com\/mariposas-al-atardecer\/files\/2014\/07\/10572790_10152211498204599_1276421876_n-150x150.jpg\" class=\"attachment-thumbnail size-thumbnail\" alt=\"\" srcset=\"https:\/\/blogs.vanguardia.com\/mariposas-al-atardecer\/files\/2014\/07\/10572790_10152211498204599_1276421876_n-150x150.jpg 150w, https:\/\/blogs.vanguardia.com\/mariposas-al-atardecer\/files\/2014\/07\/10572790_10152211498204599_1276421876_n-144x144.jpg 144w\" sizes=\"auto, (max-width: 150px) 100vw, 150px\" \/><\/a>\n\t\t\t<\/dt><\/dl><dl class='gallery-item'>\n\t\t\t<dt class='gallery-icon landscape'>\n\t\t\t\t<a href='https:\/\/blogs.vanguardia.com\/mariposas-al-atardecer\/10501364_10152211498344599_793681627_n\/'><img loading=\"lazy\" decoding=\"async\" width=\"150\" height=\"150\" src=\"https:\/\/blogs.vanguardia.com\/mariposas-al-atardecer\/files\/2014\/07\/10501364_10152211498344599_793681627_n-150x150.jpg\" class=\"attachment-thumbnail size-thumbnail\" alt=\"\" srcset=\"https:\/\/blogs.vanguardia.com\/mariposas-al-atardecer\/files\/2014\/07\/10501364_10152211498344599_793681627_n-150x150.jpg 150w, https:\/\/blogs.vanguardia.com\/mariposas-al-atardecer\/files\/2014\/07\/10501364_10152211498344599_793681627_n-144x144.jpg 144w\" sizes=\"auto, (max-width: 150px) 100vw, 150px\" \/><\/a>\n\t\t\t<\/dt><\/dl><dl class='gallery-item'>\n\t\t\t<dt class='gallery-icon landscape'>\n\t\t\t\t<a href='https:\/\/blogs.vanguardia.com\/mariposas-al-atardecer\/10522114_10152211498199599_1649138852_n\/'><img loading=\"lazy\" decoding=\"async\" width=\"150\" height=\"150\" src=\"https:\/\/blogs.vanguardia.com\/mariposas-al-atardecer\/files\/2014\/07\/10522114_10152211498199599_1649138852_n-150x150.jpg\" class=\"attachment-thumbnail size-thumbnail\" alt=\"\" srcset=\"https:\/\/blogs.vanguardia.com\/mariposas-al-atardecer\/files\/2014\/07\/10522114_10152211498199599_1649138852_n-150x150.jpg 150w, https:\/\/blogs.vanguardia.com\/mariposas-al-atardecer\/files\/2014\/07\/10522114_10152211498199599_1649138852_n-144x144.jpg 144w\" sizes=\"auto, (max-width: 150px) 100vw, 150px\" \/><\/a>\n\t\t\t<\/dt><\/dl><br style=\"clear: both\" \/><dl class='gallery-item'>\n\t\t\t<dt class='gallery-icon landscape'>\n\t\t\t\t<a href='https:\/\/blogs.vanguardia.com\/mariposas-al-atardecer\/10566303_10152211498229599_1893676554_n\/'><img loading=\"lazy\" decoding=\"async\" width=\"150\" height=\"150\" src=\"https:\/\/blogs.vanguardia.com\/mariposas-al-atardecer\/files\/2014\/07\/10566303_10152211498229599_1893676554_n-150x150.jpg\" class=\"attachment-thumbnail size-thumbnail\" alt=\"\" srcset=\"https:\/\/blogs.vanguardia.com\/mariposas-al-atardecer\/files\/2014\/07\/10566303_10152211498229599_1893676554_n-150x150.jpg 150w, https:\/\/blogs.vanguardia.com\/mariposas-al-atardecer\/files\/2014\/07\/10566303_10152211498229599_1893676554_n-144x144.jpg 144w\" sizes=\"auto, (max-width: 150px) 100vw, 150px\" \/><\/a>\n\t\t\t<\/dt><\/dl><dl class='gallery-item'>\n\t\t\t<dt class='gallery-icon landscape'>\n\t\t\t\t<a href='https:\/\/blogs.vanguardia.com\/mariposas-al-atardecer\/10508443_10152211498224599_557339648_n\/'><img loading=\"lazy\" decoding=\"async\" width=\"150\" height=\"150\" src=\"https:\/\/blogs.vanguardia.com\/mariposas-al-atardecer\/files\/2014\/07\/10508443_10152211498224599_557339648_n-150x150.jpg\" class=\"attachment-thumbnail size-thumbnail\" alt=\"\" srcset=\"https:\/\/blogs.vanguardia.com\/mariposas-al-atardecer\/files\/2014\/07\/10508443_10152211498224599_557339648_n-150x150.jpg 150w, https:\/\/blogs.vanguardia.com\/mariposas-al-atardecer\/files\/2014\/07\/10508443_10152211498224599_557339648_n-144x144.jpg 144w\" sizes=\"auto, (max-width: 150px) 100vw, 150px\" \/><\/a>\n\t\t\t<\/dt><\/dl><dl class='gallery-item'>\n\t\t\t<dt class='gallery-icon landscape'>\n\t\t\t\t<a href='https:\/\/blogs.vanguardia.com\/mariposas-al-atardecer\/10552030_10152211498184599_547030364_n\/'><img loading=\"lazy\" decoding=\"async\" width=\"150\" height=\"150\" src=\"https:\/\/blogs.vanguardia.com\/mariposas-al-atardecer\/files\/2014\/07\/10552030_10152211498184599_547030364_n-150x150.jpg\" class=\"attachment-thumbnail size-thumbnail\" alt=\"\" srcset=\"https:\/\/blogs.vanguardia.com\/mariposas-al-atardecer\/files\/2014\/07\/10552030_10152211498184599_547030364_n-150x150.jpg 150w, https:\/\/blogs.vanguardia.com\/mariposas-al-atardecer\/files\/2014\/07\/10552030_10152211498184599_547030364_n-144x144.jpg 144w\" sizes=\"auto, (max-width: 150px) 100vw, 150px\" \/><\/a>\n\t\t\t<\/dt><\/dl><br style=\"clear: both\" \/><dl class='gallery-item'>\n\t\t\t<dt class='gallery-icon landscape'>\n\t\t\t\t<a href='https:\/\/blogs.vanguardia.com\/mariposas-al-atardecer\/10567364_10152211498169599_35672146_n\/'><img loading=\"lazy\" decoding=\"async\" width=\"150\" height=\"150\" src=\"https:\/\/blogs.vanguardia.com\/mariposas-al-atardecer\/files\/2014\/07\/10567364_10152211498169599_35672146_n-150x150.jpg\" class=\"attachment-thumbnail size-thumbnail\" alt=\"\" srcset=\"https:\/\/blogs.vanguardia.com\/mariposas-al-atardecer\/files\/2014\/07\/10567364_10152211498169599_35672146_n-150x150.jpg 150w, https:\/\/blogs.vanguardia.com\/mariposas-al-atardecer\/files\/2014\/07\/10567364_10152211498169599_35672146_n-144x144.jpg 144w\" sizes=\"auto, (max-width: 150px) 100vw, 150px\" \/><\/a>\n\t\t\t<\/dt><\/dl><dl class='gallery-item'>\n\t\t\t<dt class='gallery-icon landscape'>\n\t\t\t\t<a href='https:\/\/blogs.vanguardia.com\/mariposas-al-atardecer\/angelica-badillo-el-color-de-la-vida-cotidiana\/10567539_10152211892799599_616238611_n\/'><img loading=\"lazy\" decoding=\"async\" width=\"150\" height=\"150\" src=\"https:\/\/blogs.vanguardia.com\/mariposas-al-atardecer\/files\/2014\/07\/10567539_10152211892799599_616238611_n-150x150.jpg\" class=\"attachment-thumbnail size-thumbnail\" alt=\"\" aria-describedby=\"gallery-1-92\" srcset=\"https:\/\/blogs.vanguardia.com\/mariposas-al-atardecer\/files\/2014\/07\/10567539_10152211892799599_616238611_n-150x150.jpg 150w, https:\/\/blogs.vanguardia.com\/mariposas-al-atardecer\/files\/2014\/07\/10567539_10152211892799599_616238611_n-144x144.jpg 144w\" sizes=\"auto, (max-width: 150px) 100vw, 150px\" \/><\/a>\n\t\t\t<\/dt>\n\t\t\t\t<dd class='wp-caption-text gallery-caption' id='gallery-1-92'>\n\t\t\t\tLos primeros tiempos. \n\t\t\t\t<\/dd><\/dl><dl class='gallery-item'>\n\t\t\t<dt class='gallery-icon portrait'>\n\t\t\t\t<a href='https:\/\/blogs.vanguardia.com\/mariposas-al-atardecer\/angelica-badillo-el-color-de-la-vida-cotidiana\/10566247_10152211897864599_87763332_n\/'><img loading=\"lazy\" decoding=\"async\" width=\"150\" height=\"150\" src=\"https:\/\/blogs.vanguardia.com\/mariposas-al-atardecer\/files\/2014\/07\/10566247_10152211897864599_87763332_n-150x150.jpg\" class=\"attachment-thumbnail size-thumbnail\" alt=\"\" aria-describedby=\"gallery-1-93\" srcset=\"https:\/\/blogs.vanguardia.com\/mariposas-al-atardecer\/files\/2014\/07\/10566247_10152211897864599_87763332_n-150x150.jpg 150w, https:\/\/blogs.vanguardia.com\/mariposas-al-atardecer\/files\/2014\/07\/10566247_10152211897864599_87763332_n-144x144.jpg 144w\" sizes=\"auto, (max-width: 150px) 100vw, 150px\" \/><\/a>\n\t\t\t<\/dt>\n\t\t\t\t<dd class='wp-caption-text gallery-caption' id='gallery-1-93'>\n\t\t\t\tPrimeras obras. \n\t\t\t\t<\/dd><\/dl><br style=\"clear: both\" \/><dl class='gallery-item'>\n\t\t\t<dt class='gallery-icon landscape'>\n\t\t\t\t<a href='https:\/\/blogs.vanguardia.com\/mariposas-al-atardecer\/angelica-badillo-el-color-de-la-vida-cotidiana\/10566314_10152211896594599_1476307303_n\/'><img loading=\"lazy\" decoding=\"async\" width=\"150\" height=\"150\" src=\"https:\/\/blogs.vanguardia.com\/mariposas-al-atardecer\/files\/2014\/07\/10566314_10152211896594599_1476307303_n-150x150.jpg\" class=\"attachment-thumbnail size-thumbnail\" alt=\"\" aria-describedby=\"gallery-1-94\" srcset=\"https:\/\/blogs.vanguardia.com\/mariposas-al-atardecer\/files\/2014\/07\/10566314_10152211896594599_1476307303_n-150x150.jpg 150w, https:\/\/blogs.vanguardia.com\/mariposas-al-atardecer\/files\/2014\/07\/10566314_10152211896594599_1476307303_n-144x144.jpg 144w\" sizes=\"auto, (max-width: 150px) 100vw, 150px\" \/><\/a>\n\t\t\t<\/dt>\n\t\t\t\t<dd class='wp-caption-text gallery-caption' id='gallery-1-94'>\n\t\t\t\tPrimeras obras. \n\t\t\t\t<\/dd><\/dl>\n\t\t\t<br style='clear: both' \/>\n\t\t<\/div>\n\n<p><strong>Ang\u00e9lica Badillo: el color de la vida cotidiana\u00a0<\/strong><\/p>\n<h5><strong>Ang\u00e9lica Badillo es una artista pl\u00e1stica cuya obra ha sido por largo tiempo admirado por este mariposario. A continuaci\u00f3n, una entrevista para presentarla.<\/strong><\/h5>\n<h5><strong>\u00bfQu\u00e9 quiere expresar con sus cuadros?<\/strong><\/h5>\n<h5><strong>\u201cEn principio, pint\u00e9 lo que ve\u00eda y mi mundo se sumerg\u00eda en mujeres. Si pienso en ello, siempre han estado y ahora que reflexiono sobre lo que pinto, creo que mi mundo se sumergi\u00f3 en el mundo de las mujeres, las cotidianas, las que sue\u00f1an, la que crean y las que luchan por hacer otros mundos posibles. Algunas veces me pinto a mi misma, debo reconocer que en varios de ellos esta mi hermana gemela, mi mundo lleno de activismo, de sue\u00f1os. La mayor\u00eda de mis pinturas, acuarelas est\u00e1n cruzadas por im\u00e1genes femeninas performadas en mundos cotidianos, de ensue\u00f1os y en otros con la diversidad que nos representan\u201d.<\/strong><\/h5>\n<h5><strong>El arte de Ang\u00e9lica tambi\u00e9n es sanador. Trabaj\u00f3 en un mural en Putumayo, en colaboraci\u00f3n con la agencia Acnur y la Cruz Roja en la que participaron varias mujeres v\u00edctimas de desplazamiento y violencia. \u201cAunque pintar en gran formato fue todo un reto, las im\u00e1genes gustaron y algunas permanecen\u201d.<\/strong><\/h5>\n<h5><strong>Ang\u00e9lica se sorprendi\u00f3 de que las mujeres de Putumayo apreciaran tanto el mural que lo conservaban como fondo de pantalla y c\u00f3mo, al reconocerla como la autora, se produjo una gran alegr\u00eda. \u201cEsos actos son lindos que las personas y sobre todo las mujeres sientan que esta obra intimista llega a ellas\u2026 porque creo que mi pintura o lo que creo es intimista, es lo que trascurre en mi vida\u2026 por lo que lucho y creo\u201d.<\/strong><\/h5>\n<blockquote><p><em>Quiero expresar la diversidad, pero tambi\u00e9n la libertad, la alegr\u00eda y lo m\u00e1gicas que son las mujeres, aunque no tengan una barita m\u00e1gica creo que muchas de nosotras hacemos cotidianamente la vida m\u00e1s feliz, m\u00e1s posible, mas frondosa por as\u00ed decirlo\u201d. <\/em><\/p><\/blockquote>\n<h5><strong>Ang\u00e9lica trabaja la acuarela, t\u00e9cnica que prefiere, pero est\u00e1 en proceso de explorar el \u00f3leo, el collage y las instalaciones. \u201cMe gusta esta t\u00e9cnica por la variedad y la intensidad del color que puedo dar, algunas traslucidas, otras fuertes y una gama de color muy primaria y en algunas oportunidades muy pastel\u2026 La acuarela me gusta porque es como la pincela que das y ya\u2026 es como la vida misma que se vive una sola vez, pero que a trav\u00e9s de ella se diversifica\u201d.<\/strong><\/h5>\n<h5><strong>Ang\u00e9lica es feminista y los temas que escogen pasan por ese lado, por supuesto, desde su subjetividad y la pertenencia de su tierra santandereana.<\/strong><\/h5>\n<h5><strong>\u201cMe gusta pintar mi mundo intimo, mi mundo cruzado con el activismo y las luchas de las mujeres, a veces con la intensi\u00f3n de esperanza y utop\u00eda y otras con el romanticismo para seguir\u2026 claro no se puede decir que eres tu sola la que crea y recrea, pues algunos de los temas que pinto est\u00e1n dispuestos por las otras con quienes construyo mi vida, ya sea a trav\u00e9s de los trabajos que se encargan, ya sea para trabajar el tema de g\u00e9nero, las huertas caseras, la guerra y la paz o el desplazamiento\u201d.<\/strong><\/h5>\n<h5><strong>\u00bfC\u00f3mo lleva su vida cotidiana?<\/strong><\/h5>\n<h5><strong>\u201cUna locura, ser trabajadora social no es f\u00e1cil en un pa\u00eds como Colombia, terminar la tesis de maestr\u00eda me quito de alguna manera mucho tiempo para pintar. Ahora estoy m\u00e1s holgada de tiempo y lo \u00faltimo que he realizado es terminar mi cuaderno intimista donde paso mis bocetos que voy realizando en las largas reuniones u otros avatares de la vida.\u00a0 Trabajo mucho y en algunas oportunidades el tiempo para pintar es escaso, muy escaso por ello, cada cosas que hago la valoro profundamente\u201d.\u00a0<\/strong><\/h5>\n<h5><strong>Ang\u00e9lica nos contest\u00f3 esta entrevista la 1:12 a.m.<\/strong><\/h5>\n<blockquote><p><em>Hacer muchas cosas y acostumbrarse a tener una vida agitada, le quita el tiempo que se debe tener para pensar y crear\u2026 a\u00fan as\u00ed creo que debo ser m\u00e1s disciplinada en la creaci\u00f3n y dedicar m\u00e1s tiempo. <\/em><\/p><\/blockquote>\n<h5><strong>Mientras soluciona algunos chicharrones de la vida cotidiana, Ang\u00e9lica lee a Murakam\u00ed \u20181Q84\u2019, la obra de Diego Rivera y \u2018Dise\u00f1o inspirado en la naturaleza\u2019.\u00a0<\/strong><\/h5>\n<h5><strong>\u201cLeo, salgo, trabajo, sue\u00f1o y cuando la magia del tiempo lo permite me encuentro con la vida, las posibilidades de la pintura y el amor ef\u00edmero.\u00a0 Igualmente siempre he estado rodeada de artistas con los cuales he vivido mi cotidianidad del amor y el arte\u2026 y dise\u00f1ador industrial, dise\u00f1ador grafico y m\u00fasicos con los cuales en mi cotidianidad me han permitido encontrar buenas conversaciones, besos y buen sexo (risas) \u00bfpor qu\u00e9 no decirlo?\u2026buenas conversaciones sobre como son sus\u00a0 creaciones y permitirme mirar con ellos sus creaciones y las m\u00edas\u201d.<\/strong><\/h5>\n<h5><strong>Y finalmente, la pregunta que dar\u00e1 luces para luchar contra la procrastinaci\u00f3n:<\/strong><\/h5>\n<h5><strong>\u00bfC\u00f3mo hace para trabajar y pintar?<\/strong><\/h5>\n<h5><strong>\u201cUff, no es f\u00e1cil pero aprovecho las tardes de los s\u00e1bados, las noches en mi cuarto y las buenas canciones de Martha G\u00f3mez que me acompa\u00f1a al pintar\u2026 Trabajar y pintar es todo un reto y debo reconocer que me gustar\u00eda tener m\u00e1s tiempo libre o dedicarme a pintar. Sue\u00f1o con tener un a\u00f1o entero sin preocupaciones de pago de necesidades b\u00e1sicas para dedicarme a trabajar en mi obra. As\u00ed que necesito un mecenas, si saben de uno me dicen (risas)\u201d.<\/strong><\/h5>\n<blockquote><p><em>As\u00ed que concluy\u00f3 con que pintar en esta posmodernidad sin tiempo es casi una odisea\u2026 pero se intenta, as\u00ed sea en servilletas o cuadernos de reuniones o papel acuarela.\u00a0 <\/em><\/p>\n<p><em>\u201cEl arte es una posibilidad de emerger, de crear y de sanar. Creo que para el tema de postconflicto que empieza a vivir el pa\u00eds el arte se convierte en un espacio interesante para curar, sanar y recordar y resignificar las vidas. Creo que los y las colombianas debemos crear y so\u00f1ar m\u00e1s con la Colombia que queremos. <\/em><\/p><\/blockquote>\n<h5><strong>Influencias: \u201cAmo a Debora Arango, Diego Rivera, Frida Kahlo, Obreg\u00f3n, Roda, Jacanamijoy, Ram\u00edrez Villamizar\u2026 creo que estoy muy influenciada por la escena art\u00edstica Colombiana\u201d.<\/strong><\/h5>\n<p>&nbsp;<\/p>\n","protected":false},"excerpt":{"rendered":"<p>Ang\u00e9lica Badillo: el color de la vida cotidiana\u00a0 Ang\u00e9lica Badillo es una artista pl\u00e1stica cuya obra ha sido por largo tiempo admirado por este mariposario. A continuaci\u00f3n, una entrevista para presentarla. \u00bfQu\u00e9 quiere expresar con sus cuadros? \u201cEn principio, pint\u00e9 lo que ve\u00eda y mi mundo se sumerg\u00eda en mujeres. Si pienso en ello, siempre &hellip; <\/p>\n<p><a class=\"more-link btn\" href=\"https:\/\/blogs.vanguardia.com\/mariposas-al-atardecer\/angelica-badillo-el-color-de-la-vida-cotidiana\/\">Seguir leyendo<\/a><\/p>\n","protected":false},"author":16,"featured_media":0,"parent":0,"menu_order":0,"comment_status":"open","ping_status":"open","template":"","meta":{"ngg_post_thumbnail":0,"footnotes":""},"class_list":["post-66","page","type-page","status-publish","hentry","nodate","item-wrap"],"aioseo_notices":[],"jetpack_sharing_enabled":true,"_links":{"self":[{"href":"https:\/\/blogs.vanguardia.com\/mariposas-al-atardecer\/wp-json\/wp\/v2\/pages\/66","targetHints":{"allow":["GET"]}}],"collection":[{"href":"https:\/\/blogs.vanguardia.com\/mariposas-al-atardecer\/wp-json\/wp\/v2\/pages"}],"about":[{"href":"https:\/\/blogs.vanguardia.com\/mariposas-al-atardecer\/wp-json\/wp\/v2\/types\/page"}],"author":[{"embeddable":true,"href":"https:\/\/blogs.vanguardia.com\/mariposas-al-atardecer\/wp-json\/wp\/v2\/users\/16"}],"replies":[{"embeddable":true,"href":"https:\/\/blogs.vanguardia.com\/mariposas-al-atardecer\/wp-json\/wp\/v2\/comments?post=66"}],"version-history":[{"count":10,"href":"https:\/\/blogs.vanguardia.com\/mariposas-al-atardecer\/wp-json\/wp\/v2\/pages\/66\/revisions"}],"predecessor-version":[{"id":104,"href":"https:\/\/blogs.vanguardia.com\/mariposas-al-atardecer\/wp-json\/wp\/v2\/pages\/66\/revisions\/104"}],"wp:attachment":[{"href":"https:\/\/blogs.vanguardia.com\/mariposas-al-atardecer\/wp-json\/wp\/v2\/media?parent=66"}],"curies":[{"name":"wp","href":"https:\/\/api.w.org\/{rel}","templated":true}]}}